{"id":28867,"date":"2024-03-24T16:17:40","date_gmt":"2024-03-24T15:17:40","guid":{"rendered":"https:\/\/neurocuantik.ch\/?page_id=28867"},"modified":"2024-06-20T12:53:19","modified_gmt":"2024-06-20T10:53:19","slug":"acerca-de-mi","status":"publish","type":"page","link":"https:\/\/neurocuantik.ch\/es\/acerca-de-mi\/","title":{"rendered":"Acerca de mi"},"content":{"rendered":"<p>[et_pb_section fb_built=\u00bb1&#8243; module_class=\u00bbbannerHome\u00bb _builder_version=\u00bb4.24.2&#8243; _module_preset=\u00bbdefault\u00bb background_image=\u00bbhttps:\/\/neurocuantik.ch\/wp-content\/uploads\/2024\/04\/aproposito-neurocuantik.png\u00bb global_colors_info=\u00bb{}\u00bb][et_pb_row _builder_version=\u00bb4.24.2&#8243; _module_preset=\u00bbdefault\u00bb global_colors_info=\u00bb{}\u00bb][et_pb_column type=\u00bb4_4&#8243; _builder_version=\u00bb4.24.2&#8243; _module_preset=\u00bbdefault\u00bb global_colors_info=\u00bb{}\u00bb][et_pb_text _builder_version=\u00bb4.24.2&#8243; _module_preset=\u00bbdefault\u00bb global_colors_info=\u00bb{}\u00bb]<\/p>\n<h1>ACERCA DE MI<\/h1>\n<p>[\/et_pb_text][\/et_pb_column][\/et_pb_row][\/et_pb_section][et_pb_section fb_built=\u00bb1&#8243; _builder_version=\u00bb4.24.2&#8243; _module_preset=\u00bbdefault\u00bb global_colors_info=\u00bb{}\u00bb][et_pb_row column_structure=\u00bb1_5,3_5,1_5&#8243; _builder_version=\u00bb4.24.2&#8243; _module_preset=\u00bbdefault\u00bb global_colors_info=\u00bb{}\u00bb][et_pb_column type=\u00bb1_5&#8243; _builder_version=\u00bb4.24.2&#8243; _module_preset=\u00bbdefault\u00bb global_colors_info=\u00bb{}\u00bb][\/et_pb_column][et_pb_column type=\u00bb3_5&#8243; _builder_version=\u00bb4.24.2&#8243; _module_preset=\u00bbdefault\u00bb global_colors_info=\u00bb{}\u00bb][et_pb_text _builder_version=\u00bb4.24.2&#8243; _module_preset=\u00bbdefault\u00bb header_text_align=\u00bbcenter\u00bb header_3_text_align=\u00bbcenter\u00bb text_orientation=\u00bbcenter\u00bb global_colors_info=\u00bb{}\u00bb]<\/p>\n<h3><span>VALERIA MEIER<br \/>\n<\/span><\/h3>\n<h4 class=\"p1\">Mexicana por nacimiento y Suiza por amor.<\/h4>\n<p>[\/et_pb_text][\/et_pb_column][et_pb_column type=\u00bb1_5&#8243; _builder_version=\u00bb4.24.2&#8243; _module_preset=\u00bbdefault\u00bb global_colors_info=\u00bb{}\u00bb][\/et_pb_column][\/et_pb_row][\/et_pb_section][et_pb_section fb_built=\u00bb1&#8243; _builder_version=\u00bb4.24.2&#8243; _module_preset=\u00bbdefault\u00bb global_colors_info=\u00bb{}\u00bb][et_pb_row column_structure=\u00bb1_2,1_2&#8243; _builder_version=\u00bb4.24.2&#8243; _module_preset=\u00bbdefault\u00bb global_colors_info=\u00bb{}\u00bb][et_pb_column type=\u00bb1_2&#8243; _builder_version=\u00bb4.24.2&#8243; _module_preset=\u00bbdefault\u00bb global_colors_info=\u00bb{}\u00bb][et_pb_text _builder_version=\u00bb4.25.1&#8243; _module_preset=\u00bbdefault\u00bb text_orientation=\u00bbjustified\u00bb hover_enabled=\u00bb0&#8243; global_colors_info=\u00bb{}\u00bb sticky_enabled=\u00bb0&#8243;]<\/p>\n<p class=\"p1\"><span>Estudi\u00e9<\/span> la licenciatura en Comercio exterior y aduanas, <span>trabaj\u00e9<\/span> en el sector privado y p\u00fablico.<\/p>\n<p class=\"p1\">En la infancia se me facilit\u00f3 la inteligencia l\u00f3gico-matem\u00e1tico y todos los libros, juegos que no fueran racional, no era de mi inter\u00e9s. Aunque\u2026. en la casa que habit\u00e1bamos hab\u00eda ciertos acontecimientos que no ten\u00edan l\u00f3gica, pero aprendes a vivir con eso.<\/p>\n<p class=\"p1\">A los 25 a\u00f1os con un matrimonio desgastado, un cambio de ciudad y la p\u00e9rdida de mi primer hijo llega la terapia psicol\u00f3gica, 50 minutos a la semana por 2 a\u00f1os significaba dar gotas a un sediento. Eran muchas preguntas, escasas respuestas y por supuesto nulos cambios conductuales al no entender desde donde estaba atorada. En esos 2 a\u00f1os iba de especialista en especialista pues las enfermedades en el cuerpo gritaban lo que mis emociones callaban.<\/p>\n<p class=\"p1\">En espera de respuestas que la medicina, la psicolog\u00eda ni la religi\u00f3n cat\u00f3lica pod\u00edan darme, inicie la b\u00fasqueda recibiendo terapias complementarias y de ah\u00ed estudiando diferentes filosof\u00edas como budismo, hinduismo, chamanismo donde la meditaci\u00f3n fue una herramienta clave para silenciar a los \u201cfantasmas\u201d del pasado, a los pensamientos l\u00f3gicos y empezar a sentir, a reconectar. Decido tomar un a\u00f1o sab\u00e1tico que se convierten en cinco y contin\u00fao la formaci\u00f3n hol\u00edstica: Metaf\u00edsica, flores de Bach, radiestesia, chi kung, master reiki, deeksha giver, registros akashicos, visi\u00f3n remota, tarot terap\u00e9utico, un curso de Milagros, entre otros. La curiosidad por nuevos temas segu\u00eda y decido formarme en: Iridolog\u00eda, biomagnetismo, auriculoterapia, hipnosis eriksoniana, constelaci\u00f3n sist\u00e9mica familiar, programaci\u00f3n neuroling\u00fc\u00edstica y aunque todas ellas fueron herramientas que aumentaron mi calidad de vida, al exterior se segu\u00edan repitiendo viejos patrones que causaban desarmon\u00eda: no hab\u00eda llegado a la causa de los \u201cfantasmas\u201d.<\/p>\n<p class=\"p1\">A la semana de haberme rendido (hacer las paces con lo que no puedes cambiar) sin dolor, me hablan de una sesi\u00f3n que llega a las ra\u00edces de los conflictos. Como rendirse no significa renunciar, asist\u00ed con paz interior, sin expectativas. Fueron 8 horas seguidas de sesi\u00f3n donde hable poco, pero mis dudas fueron resueltas y llegaron los Eurekas. Fue tan claro, tan f\u00e1cil y liberador; una conexi\u00f3n con lo l\u00f3gico pero tambi\u00e9n con el sentir.<span class=\"Apple-converted-space\">\u00a0<\/span><\/p>\n<p class=\"p1\"><span class=\"Apple-converted-space\">Sali de ah\u00ed y los cambios visibles ocurrieron en la primera semana. Continue trabajando 5 sesiones m\u00e1s y como si fuera magia (que en realidad es f\u00edsica cu\u00e1ntica) todo lo que hab\u00eda deseado en el pasado y mucho m\u00e1s se manifest\u00f3 en 3 meses: Trabajo, ingresos, ascenso laboral, viajes, pareja. <\/span><\/p>\n<p>[\/et_pb_text][\/et_pb_column][et_pb_column type=\u00bb1_2&#8243; _builder_version=\u00bb4.24.2&#8243; _module_preset=\u00bbdefault\u00bb global_colors_info=\u00bb{}\u00bb][et_pb_text _builder_version=\u00bb4.25.1&#8243; _module_preset=\u00bbdefault\u00bb text_orientation=\u00bbjustified\u00bb hover_enabled=\u00bb0&#8243; global_colors_info=\u00bb{}\u00bb sticky_enabled=\u00bb0&#8243;]<\/p>\n<p class=\"p2\">En contraparte dir\u00e9 que para que esto llegara, tuve que actuar en coherencia y soltar una relaci\u00f3n de pareja donde cre\u00eda que era amor, es decir el amor nada tiene que ver con el sacrificio, porque nuestros objetivos de vida no eran complementarios. Renunciar a un trabajo que me daba ingresos econ\u00f3micos, pero no amaba y era imposible sentirme realizada.<\/p>\n<p class=\"p2\">Al a\u00f1o y medio de haber iniciado ese proceso, estaba casada, viviendo en Suiza, embarazada y con una hermosa bebe. Con hambre de investigaci\u00f3n y nuevas formaciones que pudieran apoyarme a entender y realizar lo que en esa terapia me ofrecieron y todas las otras no.<\/p>\n<p class=\"p2\">As\u00ed llegan otros 10 a\u00f1os de formaci\u00f3n ahora en y desde Europa: descodificaci\u00f3n biol\u00f3gica, nueva medicina germ\u00e1nica, f\u00edsica cu\u00e1ntica, epigen\u00e9tica, postgrado y maestr\u00eda en bioneuroemoci\u00f3n <span class=\"s1\"><b>\u00ae<\/b><\/span>, psiconeuroinmunoendocrinologia, reflexolog\u00eda en pies y manos, numerolog\u00eda, m\u00e9todo R\u2019same <span class=\"s1\"><b>\u00ae<\/b><\/span>.<\/p>\n<p class=\"p3\">Para poder apoyar a mis hijas con sus diferentes retos escolares y con los procesos emocionales infantiles, estudie Blomberg rhytmic movement training <span class=\"s1\"><b>\u00ae <\/b><\/span>y brain gym <span class=\"s1\"><b>\u00ae <\/b><\/span>como nuevas herramientas para la coordinaci\u00f3n de ambos hemisferios.<\/p>\n<p class=\"p2\">Durante estos 20 a\u00f1os he estudiado por curiosidad y por placer, mi \u00fanica motivaci\u00f3n fue irme sanando, entendiendo y manifestando lo que si quer\u00eda para mi vida. Inicie de manera natural dando mi opini\u00f3n a mis amigos y explicando para qu\u00e9 el cerebro y el ARN tomaban esas decisiones en sus vidas y que era imposible hacer un cambio conductual y emocional (atraer lo que si quer\u00edan en sus vidas) sino realizaban un viaje al evento programante y a la comprensi\u00f3n sin juicio de los programas de sus antepasados. Despu\u00e9s fue a los amigos de mis amigos; hasta que de boca a oreja se pas\u00f3 mi contacto telef\u00f3nico y se convirti\u00f3 en mi hobbie de fin de semana. Descubr\u00ed que gracias al primer ciclo de formaciones hol\u00edsticas pod\u00eda explicarlo en el lenguaje cient\u00edfico pero tambi\u00e9n energ\u00e9tico (por ejemplo gl\u00e1ndulas o chakras), lenguaje importante para poder ayudar a procesar la informaci\u00f3n al cerebro y por ende a las emociones.<\/p>\n<p class=\"p2\">En 2024 mis hijas cumplen 9 y 8 a\u00f1os, ellas son mi mayor manifestaci\u00f3n en amor, un compromiso consciente conmigo, con ellas, con el Universo. Mi rol como madre contin\u00faa, pero como est\u00e1n en la edad donde su cerebro hace la transici\u00f3n de etapa\/arquetipo mam\u00e1 a etapa\/arquetipo pap\u00e1 -salir al mundo-, ahora puedo dedicarme mayor tiempo a hacer lo que amo: dar sesiones de acompa\u00f1amiento.<\/p>\n<p>[\/et_pb_text][\/et_pb_column][\/et_pb_row][\/et_pb_section][et_pb_section fb_built=\u00bb1&#8243; _builder_version=\u00bb4.24.2&#8243; _module_preset=\u00bbdefault\u00bb background_image=\u00bbhttps:\/\/neurocuantik.ch\/wp-content\/uploads\/2024\/04\/neurocuantik-cabinet2.png\u00bb parallax=\u00bbon\u00bb parallax_method=\u00bboff\u00bb custom_margin=\u00bb||80px||false|false\u00bb custom_padding=\u00bb||||false|false\u00bb locked=\u00bboff\u00bb global_colors_info=\u00bb{}\u00bb][et_pb_row _builder_version=\u00bb4.24.2&#8243; _module_preset=\u00bbdefault\u00bb custom_padding=\u00bb180px||180px||false|false\u00bb global_colors_info=\u00bb{}\u00bb][et_pb_column type=\u00bb4_4&#8243; _builder_version=\u00bb4.24.2&#8243; _module_preset=\u00bbdefault\u00bb global_colors_info=\u00bb{}\u00bb][\/et_pb_column][\/et_pb_row][\/et_pb_section][et_pb_section fb_built=\u00bb1&#8243; _builder_version=\u00bb4.24.2&#8243; _module_preset=\u00bbdefault\u00bb global_colors_info=\u00bb{}\u00bb][et_pb_row column_structure=\u00bb1_3,1_3,1_3&#8243; _builder_version=\u00bb4.24.2&#8243; _module_preset=\u00bbdefault\u00bb global_colors_info=\u00bb{}\u00bb][et_pb_column type=\u00bb1_3&#8243; _builder_version=\u00bb4.24.2&#8243; _module_preset=\u00bbdefault\u00bb global_colors_info=\u00bb{}\u00bb][et_pb_image src=\u00bbhttps:\/\/neurocuantik.ch\/wp-content\/uploads\/2024\/03\/icone-n-neurocuantik.png\u00bb title_text=\u00bbicone &#8211; n &#8211; neurocuantik\u00bb align=\u00bbcenter\u00bb module_class=\u00bbiconeImg\u00bb _builder_version=\u00bb4.24.2&#8243; _module_preset=\u00bbdefault\u00bb custom_margin=\u00bb||0px|||\u00bb global_colors_info=\u00bb{}\u00bb][\/et_pb_image][et_pb_text _builder_version=\u00bb4.24.2&#8243; _module_preset=\u00bbdefault\u00bb text_orientation=\u00bbcenter\u00bb global_colors_info=\u00bb{}\u00bb]<\/p>\n<p class=\"p1\"><strong>Neurocuantik nace<\/strong>:<br \/><span>De mi pasi\u00f3n<\/span> por las neurociencias &#8211; por la maravilla del cerebro y las neuronas- con la fusi\u00f3n de la f\u00edsica cu\u00e1ntica.<\/p>\n<p class=\"p2\">De mi empat\u00eda al reconocer que un d\u00eda estuve en el otro lugar, con a\u00f1os de psicoterapia y terapias hol\u00edsticas que, aunque ayudaron, no iban a trabajar desde la ra\u00edz y solo daban cuidados\/cortaban las hojas enfermas. Finalmente un ciclo repetitivo.<\/p>\n<p>[\/et_pb_text][\/et_pb_column][et_pb_column type=\u00bb1_3&#8243; _builder_version=\u00bb4.24.2&#8243; _module_preset=\u00bbdefault\u00bb global_colors_info=\u00bb{}\u00bb][et_pb_image src=\u00bbhttps:\/\/neurocuantik.ch\/wp-content\/uploads\/2024\/03\/icone-n-neurocuantik.png\u00bb title_text=\u00bbicone &#8211; n &#8211; neurocuantik\u00bb align=\u00bbcenter\u00bb module_class=\u00bbiconeImg\u00bb _builder_version=\u00bb4.24.2&#8243; _module_preset=\u00bbdefault\u00bb custom_margin=\u00bb||0px|||\u00bb global_colors_info=\u00bb{}\u00bb][\/et_pb_image][et_pb_text _builder_version=\u00bb4.24.2&#8243; _module_preset=\u00bbdefault\u00bb text_orientation=\u00bbcenter\u00bb global_colors_info=\u00bb{}\u00bb]<\/p>\n<p class=\"p1\"><strong>Neurocuantik no es <\/strong><br \/>\u201c\u2026.y viv\u00ed feliz para siempre\u201d porque la vida no es lineal, las heridas de infancia continuaran el resto de nuestras vidas (aun con la herramienta de la hipnosis) brotando en diferentes \u00e9pocas seg\u00fan el ambiente\/est\u00edmulos que le recuerden a la neurona el viejo camino neuronal, la diferencia es que ahora usted tendr\u00e1 las herramientas para identificar el proceso y hacer los cambios en consciencia.<\/p>\n<p>[\/et_pb_text][\/et_pb_column][et_pb_column type=\u00bb1_3&#8243; _builder_version=\u00bb4.24.2&#8243; _module_preset=\u00bbdefault\u00bb global_colors_info=\u00bb{}\u00bb][et_pb_image src=\u00bbhttps:\/\/neurocuantik.ch\/wp-content\/uploads\/2024\/03\/icone-n-neurocuantik.png\u00bb title_text=\u00bbicone &#8211; n &#8211; neurocuantik\u00bb align=\u00bbcenter\u00bb module_class=\u00bbiconeImg\u00bb _builder_version=\u00bb4.24.2&#8243; _module_preset=\u00bbdefault\u00bb custom_margin=\u00bb||0px|||\u00bb global_colors_info=\u00bb{}\u00bb][\/et_pb_image][et_pb_text _builder_version=\u00bb4.25.1&#8243; _module_preset=\u00bbdefault\u00bb text_orientation=\u00bbcenter\u00bb hover_enabled=\u00bb0&#8243; global_colors_info=\u00bb{}\u00bb sticky_enabled=\u00bb0&#8243;]<\/p>\n<p class=\"p1\"><strong>Neurocuantik aporta:<\/strong><\/p>\n<p>&#8211; El entendimiento de sus bloqueos explicando el proceso del para qu\u00e9 su cerebro procesa la informaci\u00f3n de tal manera y por que los actos conductuales no pueden ser cambiados y sostenidos en el tiempo, por m\u00e1s fuerza de voluntad que se tenga.<\/p>\n<p>&#8211; Un nuevo camino neuronal.<\/p>\n<p>&#8211; Herramientas para que en su vida diaria pueda reconocer los eventos detonantes y llamarlos por su nombre, pueda recordar a sus neuronas que act\u00faen bajo un nuevo programa, desde la consciencia, la libertad transgeneracional y\u00a0 la responsabilidad.<\/p>\n<p>[\/et_pb_text][\/et_pb_column][\/et_pb_row][\/et_pb_section][et_pb_section fb_built=\u00bb1&#8243; _builder_version=\u00bb4.24.2&#8243; _module_preset=\u00bbdefault\u00bb background_image=\u00bbhttps:\/\/neurocuantik.ch\/wp-content\/uploads\/2024\/04\/neurocuantik.png\u00bb parallax=\u00bbon\u00bb parallax_method=\u00bboff\u00bb custom_margin=\u00bb||80px||false|false\u00bb custom_padding=\u00bb||||false|false\u00bb locked=\u00bboff\u00bb global_colors_info=\u00bb{}\u00bb][et_pb_row _builder_version=\u00bb4.24.2&#8243; _module_preset=\u00bbdefault\u00bb custom_padding=\u00bb180px||180px||false|false\u00bb global_colors_info=\u00bb{}\u00bb][et_pb_column type=\u00bb4_4&#8243; _builder_version=\u00bb4.24.2&#8243; _module_preset=\u00bbdefault\u00bb global_colors_info=\u00bb{}\u00bb][\/et_pb_column][\/et_pb_row][\/et_pb_section][et_pb_section fb_built=\u00bb1&#8243; _builder_version=\u00bb4.24.2&#8243; _module_preset=\u00bbdefault\u00bb min_height=\u00bb243.8px\u00bb custom_padding=\u00bb||||false|false\u00bb global_colors_info=\u00bb{}\u00bb][et_pb_row column_structure=\u00bb1_4,1_2,1_4&#8243; _builder_version=\u00bb4.24.2&#8243; _module_preset=\u00bbdefault\u00bb global_colors_info=\u00bb{}\u00bb][et_pb_column type=\u00bb1_4&#8243; _builder_version=\u00bb4.24.2&#8243; _module_preset=\u00bbdefault\u00bb global_colors_info=\u00bb{}\u00bb][\/et_pb_column][et_pb_column type=\u00bb1_2&#8243; _builder_version=\u00bb4.24.2&#8243; _module_preset=\u00bbdefault\u00bb global_colors_info=\u00bb{}\u00bb][et_pb_text _builder_version=\u00bb4.24.2&#8243; _module_preset=\u00bbdefault\u00bb header_text_align=\u00bbcenter\u00bb header_3_text_align=\u00bbcenter\u00bb global_colors_info=\u00bb{}\u00bb]<\/p>\n<h3 class=\"p1\">Los servicios ofrecidos a trav\u00e9s de Neurocuantik, no sustituyen un tratamiento m\u00e9dico, psicol\u00f3gico o psiqui\u00e1trico.<\/h3>\n<p>[\/et_pb_text][et_pb_image src=\u00bbhttps:\/\/neurocuantik.ch\/wp-content\/uploads\/2024\/03\/asca-1.png\u00bb alt=\u00bbasca &#8211; neurocuantik\u00bb title_text=\u00bbasca &#8211; neurocuantik\u00bb url=\u00bbhttps:\/\/asca.ch\/\u00bb url_new_window=\u00bbon\u00bb align=\u00bbcenter\u00bb module_class=\u00bbiconeImg\u00bb _builder_version=\u00bb4.24.2&#8243; _module_preset=\u00bbdefault\u00bb custom_padding=\u00bb||0px|||\u00bb global_colors_info=\u00bb{}\u00bb][\/et_pb_image][\/et_pb_column][et_pb_column type=\u00bb1_4&#8243; _builder_version=\u00bb4.24.2&#8243; _module_preset=\u00bbdefault\u00bb global_colors_info=\u00bb{}\u00bb][\/et_pb_column][\/et_pb_row][\/et_pb_section][et_pb_section fb_built=\u00bb1&#8243; _builder_version=\u00bb4.24.2&#8243; _module_preset=\u00bbdefault\u00bb global_colors_info=\u00bb{}\u00bb][\/et_pb_section]<\/p>\n","protected":false},"excerpt":{"rendered":"<p>ACERCA DE MIVALERIA MEIER Mexicana por nacimiento y Suiza por amor.Estudi\u00e9 la licenciatura en Comercio exterior y aduanas, trabaj\u00e9 en el sector privado y p\u00fablico. En la infancia se me facilit\u00f3 la inteligencia l\u00f3gico-matem\u00e1tico y todos los libros, juegos que no fueran racional, no era de mi inter\u00e9s. Aunque\u2026. en la casa que habit\u00e1bamos hab\u00eda [&hellip;]<\/p>\n","protected":false},"author":1,"featured_media":0,"parent":0,"menu_order":0,"comment_status":"closed","ping_status":"closed","template":"","meta":{"_et_pb_use_builder":"on","_et_pb_old_content":"","_et_gb_content_width":"","footnotes":""},"class_list":["post-28867","page","type-page","status-publish","hentry"],"_links":{"self":[{"href":"https:\/\/neurocuantik.ch\/es\/wp-json\/wp\/v2\/pages\/28867","targetHints":{"allow":["GET"]}}],"collection":[{"href":"https:\/\/neurocuantik.ch\/es\/wp-json\/wp\/v2\/pages"}],"about":[{"href":"https:\/\/neurocuantik.ch\/es\/wp-json\/wp\/v2\/types\/page"}],"author":[{"embeddable":true,"href":"https:\/\/neurocuantik.ch\/es\/wp-json\/wp\/v2\/users\/1"}],"replies":[{"embeddable":true,"href":"https:\/\/neurocuantik.ch\/es\/wp-json\/wp\/v2\/comments?post=28867"}],"version-history":[{"count":27,"href":"https:\/\/neurocuantik.ch\/es\/wp-json\/wp\/v2\/pages\/28867\/revisions"}],"predecessor-version":[{"id":29496,"href":"https:\/\/neurocuantik.ch\/es\/wp-json\/wp\/v2\/pages\/28867\/revisions\/29496"}],"wp:attachment":[{"href":"https:\/\/neurocuantik.ch\/es\/wp-json\/wp\/v2\/media?parent=28867"}],"curies":[{"name":"wp","href":"https:\/\/api.w.org\/{rel}","templated":true}]}}